{"id":27,"date":"2024-07-03T09:35:03","date_gmt":"2024-07-03T07:35:03","guid":{"rendered":"https:\/\/www.brehms.eu\/training\/?page_id=27"},"modified":"2025-04-15T10:07:47","modified_gmt":"2025-04-15T08:07:47","slug":"ueber-uns","status":"publish","type":"page","link":"https:\/\/www.brehms.eu\/training\/ueber-uns\/","title":{"rendered":"\u00dcber uns"},"content":{"rendered":"<div id=\"pl-27\" class=\"panel-layout\"><div id=\"pg-27-0\" class=\"panel-grid panel-no-style\"><div id=\"pgc-27-0-0\" class=\"panel-grid-cell\"><div id=\"panel-27-0-0-0\" class=\"so-panel widget widget_black-studio-tinymce widget_black_studio_tinymce panel-first-child\" data-index=\"0\"><div class=\"textwidget\"><p><img loading=\"lazy\" decoding=\"async\" class=\" wp-image-210 alignleft\" src=\"https:\/\/www.brehms.eu\/training\/wp-content\/uploads\/sites\/5\/2024\/08\/Evelin-und-Klaus-Brehm.png\" alt width=\"347\" height=\"601\" srcset=\"https:\/\/www.brehms.eu\/training\/wp-content\/uploads\/sites\/5\/2024\/08\/Evelin-und-Klaus-Brehm.png 600w, https:\/\/www.brehms.eu\/training\/wp-content\/uploads\/sites\/5\/2024\/08\/Evelin-und-Klaus-Brehm-173x300.png 173w, https:\/\/www.brehms.eu\/training\/wp-content\/uploads\/sites\/5\/2024\/08\/Evelin-und-Klaus-Brehm-591x1024.png 591w\" sizes=\"auto, (max-width: 347px) 100vw, 347px\"><\/p>\n<p>Wir sind Eve\u00adlin und Klaus Brehm \u2013 und wir leben und arbei\u00adten mit Begeis\u00adte\u00adrung in Wien.<\/p>\n<p>Unse\u00adre per\u00ads\u00f6n\u00adli\u00adche Rei\u00adse mit Ima\u00adgo begann im Jahr 1999, als wir selbst an einem Ima\u00adgo-Work\u00adshop teil\u00adnah\u00admen. Wie vie\u00adle ande\u00adre Paa\u00adre woll\u00adten wir die Span\u00adnun\u00adgen und wie\u00adder\u00adkeh\u00adren\u00adden Kon\u00adflik\u00adte in unse\u00adrer Bezie\u00adhung bes\u00adser ver\u00adste\u00adhen \u2013 und end\u00adlich ver\u00ad\u00e4n\u00addern.<\/p>\n<p>Die Ima\u00adgo-Metho\u00adde hat uns sofort ber\u00fchrt und \u00fcber\u00adzeugt. So sehr, dass wir beschlos\u00adsen, die\u00adsen Weg nicht nur pri\u00advat, son\u00addern auch beruf\u00adlich zu gehen.<\/p>\n<p>Denn wir sind \u00fcber\u00adzeugt: Gelin\u00adgen\u00adde Bezie\u00adhun\u00adgen sind das Fun\u00adda\u00adment f\u00fcr ein erf\u00fcll\u00adtes Leben \u2013 sowohl pri\u00advat als auch beruf\u00adlich.<br>\nWie gut Bezie\u00adhun\u00adgen gelin\u00adgen, h\u00e4ngt oft davon ab, wel\u00adche Erfah\u00adrun\u00adgen wir aus unse\u00adrer Her\u00adkunfts\u00adfa\u00admi\u00adlie und unse\u00adrem fr\u00fc\u00adhen sozia\u00adlen Umfeld mit\u00adbrin\u00adgen. Genau hier setzt Ima\u00adgo an \u2013 mit einer tie\u00adfen, wirk\u00adsa\u00admen und all\u00adtags\u00adtaug\u00adli\u00adchen Metho\u00adde.<\/p>\n<p>In unse\u00adrer Erwach\u00adse\u00adnen\u00adbil\u00addungs\u00adein\u00adrich\u00adtung brehms+training bil\u00adden wir seit vie\u00adlen Jah\u00adren Men\u00adschen dar\u00adin aus, die Ima\u00adgo-Metho\u00adde pro\u00adfes\u00adsio\u00adnell anzu\u00adwen\u00adden \u2013 sei es zur per\u00ads\u00f6n\u00adli\u00adchen Wei\u00adter\u00adent\u00adwick\u00adlung in der eige\u00adnen Bezie\u00adhung oder im Rah\u00admen ihres beruf\u00adli\u00adchen Wir\u00adkungs\u00adfelds, z.&nbsp;B. als The\u00adra\u00adpeu\u00adtin, Bera\u00adte\u00adrin oder Coach.<\/p>\n<p>Ler\u00adnen Sie uns per\u00ads\u00f6n\u00adlich ken\u00adnen!<br>\nBesu\u00adchen Sie einen unse\u00adrer kos\u00adten\u00adlo\u00adsen Infor\u00adma\u00adti\u00adons\u00adaben\u00adde in Wien \u2013 und erfah\u00adren Sie, wie Ima\u00adgo auch Ihr Leben und Ihre Arbeit berei\u00adchern kann.<br>\nWir freu\u00aden uns auf Sie!<\/p>\n<p><b>Mag<sup>a<\/sup>. Eve\u00adlin Brehm,<\/b> geb. 1949 in Wien, Stu\u00addi\u00adum der P\u00e4d\u00adago\u00adgik und Son\u00adder und Heil\u00adp\u00e4d\u00adago\u00adgik, Psy\u00adcho\u00adthe\u00adra\u00adpeu\u00adtin, Super\u00advi\u00adso\u00adrin und Lehr\u00adsu\u00adper\u00advi\u00adso\u00adrin, Coach, Ima\u00adgo Paar\u00adthe\u00adra\u00adpeu\u00adtin, Ima\u00adgo Work\u00adshop Pre\u00adsen\u00adter, Ima\u00adgo Seni\u00ador Cli\u00adni\u00adcal Instruk\u00adtor<\/p>\n<p><b>Mag. (FH) Klaus Brehm,<\/b> geb.1957 in N\u00fcrn\u00adberg, Stu\u00addi\u00adum der Sozi\u00adal\u00adar\u00adbeit und Sozi\u00adal\u00adwis\u00adsen\u00adschaft, psy\u00adcho\u00adlo\u00adgi\u00adscher Bera\u00adter, Diplo\u00admiert in Bio\u00adsyn\u00adthe\u00adse K\u00f6r\u00adper\u00adpsy\u00adcho\u00adthe\u00adra\u00adpie (Schweiz), Trai\u00adner, Lebens und Sozi\u00adal\u00adbe\u00adra\u00adter, Coach, Ima\u00adgo Work\u00adshop Pre\u00adsen\u00adter, Ima\u00adgo Seni\u00ador Cli\u00adni\u00adcal Instruk\u00adtor.<\/p>\n<\/div><\/div><div id=\"panel-27-0-0-1\" class=\"so-panel widget widget_black-studio-tinymce widget_black_studio_tinymce panel-last-child\" data-index=\"1\"><h3 class=\"widget-title\">Unser Leitbild<\/h3><div class=\"textwidget\"><h4>brehms<sup>+<\/sup> training \u2014 Lernen mit Begeisterung und Sicherheit!<\/h4>\n<p>Wir ver\u00admit\u00adteln Bil\u00addung und Wis\u00adsen in Bezie\u00adhung.<\/p>\n<p>Als Erwach\u00adse\u00adnen\u00adbil\u00addungs\u00adein\u00adrich\u00adtung laden wir Men\u00adschen ein, an unse\u00adrer Visi\u00adon einer wert\u00adsch\u00e4t\u00adzen\u00adden und ler\u00adnen\u00adden Gesell\u00adschaft teil\u00adzu\u00adha\u00adben.<\/p>\n<p>Die Grund\u00adhal\u00adtung der Ima\u00adgo Bezie\u00adhungs\u00adtheo\u00adrie bil\u00addet f\u00fcr uns die Basis f\u00fcr f\u00f6r\u00adder\u00adli\u00adches und ent\u00adwick\u00adlungs\u00adori\u00aden\u00adtier\u00adtes per\u00ads\u00f6n\u00adli\u00adches und beruf\u00adli\u00adches Ler\u00adnen. Wir erm\u00f6g\u00adli\u00adchen per\u00ads\u00f6n\u00adli\u00adches Wachs\u00adtum und Bil\u00addung in einem Rah\u00admen siche\u00adrer Bezie\u00adhun\u00adgen.<\/p>\n<p>Men\u00adschen, die an ihrer eige\u00adnen Bil\u00addung und Ent\u00adwick\u00adlung inter\u00ades\u00adsiert sind, unter\u00adst\u00fct\u00adzen wir in einer angst\u00adfrei\u00aden Lernat\u00admo\u00adsph\u00e4\u00adre dabei, ihre Kom\u00adpe\u00adten\u00adzen und Ent\u00adwick\u00adlungs\u00adpo\u00adten\u00adzia\u00adle zu ent\u00adde\u00adcken und wei\u00adter\u00adzu\u00adent\u00adwi\u00adckeln.<\/p>\n<p>Jede Bezie\u00adhung, die wir auf pro\u00adfes\u00adsio\u00adnel\u00adler und per\u00ads\u00f6n\u00adli\u00adcher Ebe\u00adne ein\u00adge\u00adhen, ist ein\u00adzig\u00adar\u00adtig \u2013 sei es mit unse\u00adren Kun\u00addin\u00adnen und Kun\u00adden, unse\u00adren Trai\u00adne\u00adrin\u00adnen und Trai\u00adnern oder unse\u00adren Kol\u00adle\u00adgin\u00adnen und Kol\u00adle\u00adgen.<\/p>\n<p>Wir machen die\u00adse Ein\u00adzig\u00adar\u00adtig\u00adkeit in allen Bezie\u00adhun\u00adgen sp\u00fcr\u00adbar und erleb\u00adbar.<\/p>\n<p>Unser Erfolg beruht auf Kom\u00admu\u00adni\u00adka\u00adti\u00adon, Wert\u00adsch\u00e4t\u00adzung und Trans\u00adpa\u00adrenz, ver\u00adbun\u00adden mit der Qua\u00adli\u00adt\u00e4t unse\u00adrer Aus- und Fort\u00adbil\u00addun\u00adgen.<\/p>\n<p>Wir leben unse\u00adre Wer\u00adte: Wert\u00adsch\u00e4t\u00adzung, Tole\u00adranz und Respekt in allen Bezie\u00adhun\u00adgen. Unse\u00adre Koope\u00adra\u00adtio\u00adnen und die Zusam\u00admen\u00adar\u00adbeit im Team sind gepr\u00e4gt von Viel\u00adfalt und dem Grund\u00adge\u00addan\u00adken des gegen\u00adsei\u00adti\u00adgen Ler\u00adnens.<\/p>\n<p>Die Erfah\u00adrun\u00adgen ehr\u00adli\u00adcher und pro\u00adfes\u00adsio\u00adnel\u00adler Begeg\u00adnun\u00adgen er\u00f6ff\u00adnen uns und unse\u00adren Kun\u00addin\u00adnen und Kun\u00adden neue, zukunfts\u00adori\u00aden\u00adtier\u00adte Ent\u00adwick\u00adlungs\u00adm\u00f6g\u00adlich\u00adkei\u00adten.<\/p>\n<p>Dies ist die Grund\u00adhal\u00adtung aller Mit\u00adar\u00adbei\u00adte\u00adrin\u00adnen und Leh\u00adren\u00adden, sowohl intern als auch extern. Unser Weg: Bil\u00addung in Begeg\u00adnung \u2013 vom Ich zum Du zum Wir.<\/p>\n<p>Stand 01.01.2024<\/p>\n<\/div><\/div><\/div><\/div><\/div>","protected":false},"excerpt":{"rendered":"<p>Wir sind Eve\u00adlin und Klaus Brehm \u2013 und wir leben und arbei\u00adten mit Begeis\u00adte\u00adrung in Wien. Unse\u00adre per\u00ads\u00f6n\u00adli\u00adche Rei\u00adse mit Ima\u00adgo begann im Jahr 1999, als wir selbst an einem Ima\u00adgo-Work\u00adshop teil\u00adnah\u00admen. Wie vie\u00adle ande\u00adre Paa\u00adre woll\u00adten wir die Span\u00adnun\u00adgen <span class=\"excerpt-dots\">\u2026<\/span> <a class=\"more-link\" href=\"https:\/\/www.brehms.eu\/training\/ueber-uns\/\"><span class=\"more-msg\">Wei\u00adter\u00adle\u00adsen \u2192<\/span><\/a><\/p>\n","protected":false},"author":1,"featured_media":0,"parent":0,"menu_order":0,"comment_status":"closed","ping_status":"closed","template":"","meta":{"wp_typography_post_enhancements_disabled":false,"ngg_post_thumbnail":0,"footnotes":""},"class_list":["post-27","page","type-page","status-publish","hentry"],"_links":{"self":[{"href":"https:\/\/www.brehms.eu\/training\/wp-json\/wp\/v2\/pages\/27","targetHints":{"allow":["GET"]}}],"collection":[{"href":"https:\/\/www.brehms.eu\/training\/wp-json\/wp\/v2\/pages"}],"about":[{"href":"https:\/\/www.brehms.eu\/training\/wp-json\/wp\/v2\/types\/page"}],"author":[{"embeddable":true,"href":"https:\/\/www.brehms.eu\/training\/wp-json\/wp\/v2\/users\/1"}],"replies":[{"embeddable":true,"href":"https:\/\/www.brehms.eu\/training\/wp-json\/wp\/v2\/comments?post=27"}],"version-history":[{"count":10,"href":"https:\/\/www.brehms.eu\/training\/wp-json\/wp\/v2\/pages\/27\/revisions"}],"predecessor-version":[{"id":571,"href":"https:\/\/www.brehms.eu\/training\/wp-json\/wp\/v2\/pages\/27\/revisions\/571"}],"wp:attachment":[{"href":"https:\/\/www.brehms.eu\/training\/wp-json\/wp\/v2\/media?parent=27"}],"curies":[{"name":"wp","href":"https:\/\/api.w.org\/{rel}","templated":true}]}}