{"id":10690,"date":"2020-05-16T10:18:05","date_gmt":"2020-05-16T08:18:05","guid":{"rendered":"http:\/\/multiside.brehms.eu\/imago-paartherapie\/?page_id=10690"},"modified":"2024-09-24T08:37:53","modified_gmt":"2024-09-24T06:37:53","slug":"imago-paartherapie-was-ist-das","status":"publish","type":"page","link":"https:\/\/www.brehms.eu\/imago-paartherapie\/imago-paartherapie-was-ist-das\/","title":{"rendered":"Imago Paartherapie, was ist&nbsp;das?"},"content":{"rendered":"<div id=\"pl-10690\" class=\"panel-layout\"><div id=\"pg-10690-0\" class=\"panel-grid panel-no-style\"><div id=\"pgc-10690-0-0\" class=\"panel-grid-cell\"><div id=\"panel-10690-0-0-0\" class=\"so-panel widget widget_black-studio-tinymce widget_black_studio_tinymce panel-first-child panel-last-child\" data-index=\"0\"><div class=\"textwidget\"><p style=\"text-align: justify;\"><span style=\"color: #993300;\">\u201cImago Paartherapie\u201d ist eine von <strong>Dr. Har\u00adville Hen\u00addrix<\/strong>, sei\u00adner Frau <strong>Dr. Helen Hunt<\/strong> und ande\u00adren Psy\u00adcho\u00adthe\u00adra\u00adpeu\u00adten ent\u00adwi\u00adckelte spe\u00adzi\u00adelle Form der Paarthe\u00adra\u00adpie, die in den letz\u00adten 30 Jahren vie\u00adlen Paaren auf der gan\u00adzen Welt gehol\u00adfen hat, wie\u00adder gl\u00fcck\u00adlich mit\u00adein\u00adan\u00adder zu&nbsp;leben.<\/span><\/p>\n<p><\/p><div id=\"attachment_9119\" style=\"width: 1010px\" class=\"wp-caption aligncenter\"><img loading=\"lazy\" decoding=\"async\" aria-describedby=\"caption-attachment-9119\" class=\"wp-image-9119 size-full\" style=\"border-radius: 10px;\" src=\"https:\/\/www.brehms.eu\/imago-paartherapie\/wp-content\/uploads\/sites\/4\/2018\/05\/Imago-Hendrix-Brehm.jpg\" alt=\"Klaus Brehm, Harville Hendrix, Evelin Brehm, Helen La Kelly-Hunt\" width=\"1000\" height=\"563\" srcset=\"https:\/\/www.brehms.eu\/imago-paartherapie\/wp-content\/uploads\/sites\/4\/2018\/05\/Imago-Hendrix-Brehm.jpg 1000w, https:\/\/www.brehms.eu\/imago-paartherapie\/wp-content\/uploads\/sites\/4\/2018\/05\/Imago-Hendrix-Brehm-300x169.jpg 300w, https:\/\/www.brehms.eu\/imago-paartherapie\/wp-content\/uploads\/sites\/4\/2018\/05\/Imago-Hendrix-Brehm-768x432.jpg 768w\" sizes=\"auto, (max-width: 1000px) 100vw, 1000px\"><p id=\"caption-attachment-9119\" class=\"wp-caption-text\">Klaus Brehm, Harville Hendrix, Evelin Brehm, Helen La Kelly-Hunt<\/p><\/div>\n<p style=\"text-align: justify;\">Aufgrund sei\u00adner Erfahrungen sowohl in der eige\u00adnen Beziehung als auch in sei\u00adner paar\u00adthe\u00adra\u00adpeu\u00adti\u00adschen Praxis ver\u00ad\u00f6f\u00adfent\u00adlich\u00adte Dr. Harville Hendrix 1985&nbsp;in sei\u00adnem ers\u00adten Buch <span style=\"color: #993300;\">\u201eSo viel Liebe wie du brauchst\u201c<\/span> die Imago Methode.<\/p>\n<p style=\"text-align: justify;\">In vier wei\u00adte\u00adren B\u00fcchern, die er zusam\u00admen mit sei\u00adner Frau Helen schrieb, ver\u00adtief\u00adten und erwei\u00adter\u00adten sie gemein\u00adsam die Imago Paartherapie.<\/p>\n<div style=\"background-color: #fff5e9; width: 105px; float: right; padding: 0px; margin: 1px 1px 5px 10px; border-radius: 3px; border: thin solid #ff7f50;\">\n<p style=\"font-size: xx-small; color: #ffffff; background-color: #ff6600; text-align: center; margin-top: 0px; margin-bottom: 3px;\"><span style=\"font-size: x-small;\"><strong>IMAGO-Wie?<br>\n<\/strong><\/span><\/p>\n<p style=\"font-size: x-small; line-height: 20px; padding-left: 5px;\"><a title=\"Imago Infoabend\" href=\"https:\/\/www.brehms.eu\/imago-paartherapie\/imago-infoabend\/\">Infoabend<\/a><br>\n<a title=\"Imago Paar Workshop\" href=\"https:\/\/www.brehms.eu\/training\/imago-paar-workshop\/\">Paarworkshops <\/a><br>\n<a title=\"Imago Singles Workshop\" href=\"https:\/\/www.brehms.eu\/imago-paartherapie\/imago-single-workshop\/\">Singleworkshops <\/a><br>\n<a title=\"Imago Paartherapie\" href=\"https:\/\/www.brehms.eu\/imago-paartherapie\/imago-paartherapie\/\">Paarsitzungen <\/a><br>\n<a title=\"IMAGO Training, Supervision, Ausbildung\" href=\"https:\/\/www.brehms.eu\/imago-paartherapie\/training\/\">Ausbildungen<\/a><\/p>\n<\/div>\n<p style=\"text-align: justify;\">Die Imago Paartherapie geht davon aus, dass Erleb\u00adnisse, die wir in unse\u00adrer Kind\u00adheit mit unse\u00adren Eltern hat\u00adten, ma\u00df\u00adgeb\u00adlichen Einfluss auf unse\u00adre sp\u00e4\u00adte\u00adren Lie\u00adbes\u00adbe\u00adzie\u00adhun\u00adgen haben, sowohl im posi\u00adti\u00adven als auch im nega\u00adti\u00adven Sinn. Etwas \u00c4hnliches ver\u00admu\u00adte\u00adte schon C.G.Jung zu Beginn des letz\u00adten Jahrhunderts!<\/p>\n<p><span style=\"color: #993300;\"><strong>Woher kommt der Begriff Imago?<\/strong><\/span><\/p>\n<p style=\"text-align: justify;\"><span style=\"color: #993300;\">Die psy\u00adcho\u00adlo\u00adgi\u00adsche Bedeutung des Wortes Imago, das latei\u00adni\u00adsche Wort f\u00fcr \u201eBild, Bildnis\u201d, hat ihren Ursprung in der fr\u00fc\u00adhen psy\u00adcho\u00adana\u00adly\u00adti\u00adschen Theorie.&nbsp;<\/span><\/p>\n<div style=\"padding: 5px; margin-left: 15px; margin-bottom: 15px; border-radius: 5px; border: thin solid #ff7f50;\">\n<p><span style=\"color: #993300;\"><strong><img loading=\"lazy\" decoding=\"async\" class=\"alignleft\" style=\"border-radius: 5px;\" title=\"Imago Paartherapie - C.G. Jung\" src=\"https:\/\/www.brehms.eu\/imago-paartherapie\/wp-content\/uploads\/sites\/4\/2020\/01\/CG_Jung.jpg\" alt=\"Imago Paartherapie - C.G. Jung\" width=\"145\" height=\"135\">Carl Gustav Jung<\/strong><\/span>, ein Sch\u00fcler Freuds und sp\u00e4\u00adter der Begr\u00fcnder der \u201cana\u00adly\u00adti\u00adschen Psychologie\u201d, defi\u00adniert \u201cImago\u201d psy\u00adcho\u00adlo\u00adgisch zum ers\u00adten Mal in sei\u00adnen neun Vorlesungen, die er im September 1912 an der Fordham University in New York auf Englisch gehal\u00adten hat. Er meint&nbsp;dazu:<\/p>\n<p><em><span style=\"font-family: trebuchet ms,geneva; color: #993300;\">\u201cUnter die\u00adsen Dingen, die f\u00fcr die Infantilzeit von gr\u00f6\u00df\u00adter Bedeutung waren, spie\u00adlen die Eltern die ein\u00adfluss\u00adreichs\u00adte&nbsp;Rolle.<br>\n<\/span><\/em><br>\n<em><span style=\"font-family: trebuchet ms,geneva; color: #993300;\">Auch wenn die Eltern schon l\u00e4ngst tot sind und alle Bedeutung ver\u00adlo\u00adren haben k\u00f6nn\u00adten und soll\u00adten, indem sich die Lebenslage der Kranken seit\u00adher viel\u00adleicht total ver\u00ad\u00e4n\u00addert hat, so sind sie dem Patienten doch noch irgend\u00adwie gegen\u00adw\u00e4r\u00adtig und bedeut\u00adsam, wie wenn sie noch am Leben&nbsp;w\u00e4ren.<br>\n<\/span><\/em><br>\n<em><span style=\"font-family: trebuchet ms,geneva; color: #993300;\">Die Liebe und Verehrung, der Widerstand, die Abneigung, der Hass und die Auflehnung der Kranken kle\u00adben noch an ihren durch Gunst oder Missgunst ent\u00adstell\u00adten Abbildern, die \u00f6fters mit der einst\u00adma\u00adli\u00adgen Wirklichkeit nicht mehr viel \u00c4hnlichkeit haben.<br>\n<\/span><\/em><br>\n<em><span style=\"font-family: trebuchet ms,geneva; color: #993300;\">Diese Tatsache hat mich dazu gedr\u00e4ngt, nicht mehr von Vater und Mutter direkt zu spre\u00adchen, son\u00addern daf\u00fcr den Terminus \u201aImago\u2018 von Vater und Mutter zu gebrau\u00adchen, indem es sich in sol\u00adchen F\u00e4llen nicht mehr eigent\u00adlich um Vater und Mutter han\u00addelt, son\u00addern blo\u00df um deren sub\u00adjek\u00adti\u00adve und \u00f6fters g\u00e4nz\u00adlich ent\u00adstell\u00adte Imagines, die im Geiste des Kranken ein zwar sche\u00admen\u00adhaf\u00adtes, aber ein\u00adfluss\u00adrei\u00adches Dasein f\u00fchren.\u201d<\/span><\/em><\/p><\/div>\n<p>\u201eImago\u201d meint also das unbe\u00adwusst ent\u00adste\u00adhen\u00adde, ers\u00adte inne\u00adre Bild von Bezugspersonen, in der Regel von Vater oder Mutter. <span style=\"color: #993300;\">Zusammengefasst hei\u00dft&nbsp;das:<\/span><\/p>\n<ul style=\"margin-left: 40px;\">\n<li style=\"text-align: justify; padding-bottom: 10px;\">Imago ist das inne\u00adre, meist unbe\u00adwuss\u00adte und \u00fcber\u00adwie\u00adgend emo\u00adtio\u00adna\u00adle Abbild der Eigenschaften von wich\u00adti\u00adgen Bezugspersonen der fr\u00fc\u00adhen Kindheit. Dieses inne\u00adre Bild beein\u00adflusst ma\u00df\u00adgeb\u00adlich die Wahrnehmung und das Erleben sp\u00e4\u00adte\u00adrer Beziehungen.<\/li>\n<li style=\"text-align: justify; padding-bottom: 10px;\">Die wich\u00adtigs\u00adten Imagines sind Vater\u2011, Mutter- und Geschwister-Imago, manch\u00admal auch das der Gro\u00dfeltern. Diese impli\u00adzi\u00adten (bewusst nicht zug\u00e4ng\u00adli\u00adchen) Erinnerungen wer\u00adden in der Regel ab der fr\u00fc\u00adhes\u00adten Kindheit gepr\u00e4gt und blei\u00adben meist lebens\u00adlang rela\u00adtiv unver\u00ad\u00e4n\u00addert erhalten.<\/li>\n<li style=\"text-align: justify; padding-bottom: 10px;\">Das \u201eImago\u201c ist nicht nur ein inne\u00adres Bild son\u00addern auch wie eine Brille, durch die wir ande\u00adre Menschen wahr\u00adneh\u00admen und&nbsp;sehen.<\/li>\n<li style=\"text-align: justify; padding-bottom: 10px;\">So k\u00f6n\u00adnen wir nie sehen, was wirk\u00adlich ist, son\u00addern neh\u00admen unse\u00adre Beziehungspartner immer durch die\u00adse Brille der impli\u00adzi\u00adten Erinnerungen wahr.<\/li>\n<\/ul>\n<p style=\"background-color: #ffefd5; padding: 8px; margin-right: auto; margin-left: auto; text-align: justify; border-radius: 5px; border: thin solid #dc143c;\"><span style=\"color: #993300;\">Harville Hendrix hat nun her\u00adaus\u00adge\u00adfun\u00adden, dass die\u00adses inne\u00adre Bild, das Imago, eine ent\u00adschei\u00adden\u00adde Rolle bei der Partnersuche und bei Beziehungskonflikten spielt!<\/span><\/p>\n<p><span style=\"color: #993300;\"><strong>Wie ver\u00adlie\u00adben wir&nbsp;uns?<\/strong><\/span><\/p>\n<p style=\"text-align: justify;\"><span style=\"color: #993300;\">Wir ver\u00adlie\u00adben uns, wenn wir dazu bereit sind und dann einem Menschen begeg\u00adnen, der uns unbe\u00adwusst an die\u00adses inne\u00adre Bild erin\u00adnert, das unse\u00adrem Imago ent\u00adspricht. Man k\u00f6nn\u00adte auch sagen, wir ver\u00adwech\u00adseln einen Menschen mit unse\u00adren ers\u00adten wich\u00adtigs\u00adten Bezugspersonen.<\/span><\/p>\n<p style=\"text-align: justify;\"><span style=\"color: #993300;\">Damit das m\u00f6g\u00adlich ist, beginnt nun die Aussch\u00fcttung des Hormons <em>Phenylethylamin<\/em> (und eini\u00adger ande\u00adrer Substanzen). Das f\u00fchrt dazu, dass wir den Geliebten\/die Geliebte durch die <em>\u201erosa\u00adro\u00adte Brille\u201c<\/em> wahrnehmen.<\/span><\/p>\n<div style=\"color: #990000; background-color: #ffe3e8; text-align: justify; padding: 5px; border-radius: 5px; border: thin solid #dda0dd;\"><img loading=\"lazy\" decoding=\"async\" class=\"alignright\" style=\"border-radius: 5px; margin-top: -25px;\" title=\"Imago Paartherapie - Rosa Brille\" src=\"https:\/\/www.brehms.eu\/imago-paartherapie\/wp-content\/uploads\/sites\/4\/2014\/03\/rosa_brille.jpg\" alt=\"Imago Paartherapie - Verliebt\" width=\"154\" height=\"121\">Verliebtheit ist eine sch\u00f6\u00adne, aber fl\u00fcch\u00adti\u00adge Illusion! Sie gibt uns einen Geschmack davon, wie sich wirk\u00adli\u00adche Liebe sp\u00e4\u00adter ein\u00admal anf\u00fch\u00adlen k\u00f6nnte.<\/div>\n<p style=\"text-align: justify; margin-top: 20px;\"><span style=\"color: #993300;\">Dieser Blick durch die rosa\u00adro\u00adte Brille ist jedoch nichts ande\u00adres als eine Wahrnehmungstr\u00fcbung. Wir inter\u00adpre\u00adtie\u00adren dann jeg\u00adli\u00adches Verhalten aus den posi\u00adti\u00adven Erinnerungen unse\u00adres Imagos, die nega\u00adti\u00adven Erinnerungen und Assoziationen k\u00f6n\u00adnen wir auf\u00adgrund des ver\u00adkl\u00e4r\u00adten Blicks in die\u00adsem Moment noch nicht wahrnehmen.<\/span><\/p>\n<p><strong><span style=\"color: #993300;\">Warum ver\u00adlie\u00adben wir&nbsp;uns?<\/span><\/strong><\/p>\n<p style=\"text-align: justify;\">Wir brau\u00adchen die\u00adsen Blick durch die \u201erosa\u00adro\u00adte Brille\u201c um uns an einen Menschen zu bin\u00adden, mit dem wir auch die nega\u00adti\u00adven Erfahrungen unse\u00adrer Imago Geschichte auf\u00adar\u00adbei\u00adten k\u00f6n\u00adnen. Ohne die \u201erosa\u00adro\u00adte Brille\u201c w\u00e4re das nicht m\u00f6g\u00adlich. Wir w\u00fcr\u00adden sehen, was uns erwar\u00adtet und kei\u00adne Beziehung eingehen.<\/p>\n<div style=\"background-color: #fff8dc; text-align: justify; width: 95%; padding: 5px; margin-right: auto; margin-left: auto; border-radius: 5px; border: thin solid #d2691e;\"><span style=\"color: #993300;\"><img loading=\"lazy\" decoding=\"async\" class=\"alignleft\" style=\"border-radius: 5px; margin-top: -15px;\" src=\"https:\/\/www.brehms.eu\/imago-paartherapie\/wp-content\/uploads\/sites\/4\/2020\/05\/Imago-Paar-im-Park.jpg\" alt=\"Imago Paartherapie\" width=\"157\" height=\"110\">Aus Sicht der Imagotheorie ist eine dau\u00ader\u00adhaf\u00adte Partnerschaft ein gemein\u00adsa\u00admer Entwicklungsweg, um alte \u00c4ngste zu \u00fcber\u00adwin\u00adden und als Individuum in Beziehung mit\u00adein\u00adan\u00adder zu wachsen.<\/span><\/div>\n<p style=\"text-align: justify; margin-top: 10px;\">Wenn wir uns ver\u00adlie\u00adben, dann haben wir einen Menschen gefun\u00adden, der uns unbe\u00adwusst an unse\u00adre ers\u00adten wich\u00adtigs\u00adten Bezugspersonen erin\u00adnert. Dabei geht es weni\u00adger um opti\u00adsche \u00c4hnlichkeiten, viel\u00admehr sind es bestimm\u00adte Verhaltensweisen, die die\u00adse impli\u00adzi\u00adten Erinnerungen aus\u00adl\u00f6\u00adsen. Wir wol\u00adlen, dass uns die\u00adser Mensch alle uner\u00adf\u00fcll\u00adten Entwicklungsbed\u00fcrfnisse, die zu Konflikten mit unse\u00adren fr\u00fc\u00adhen Bezugspersonen gef\u00fchrt haben, erf\u00fcllt. Das Gef\u00fchl der Verliebtheit ist die Hoffnung und der Glaube: \u201cJetzt wird alles&nbsp;gut\u201d!<\/p>\n<p style=\"text-align: justify;\"><span style=\"color: #993300;\"><strong>Wir suchen, was uns&nbsp;fehlt!<\/strong><\/span><\/p>\n<p style=\"text-align: justify;\">Wenn wir als Kind auf\u00adwach\u00adsen, dann haben wir je nach Altersstufe unter\u00adschied\u00adli\u00adche Entwicklungsbed\u00fcrfnisse. Dabei geht es um eine Aufgabe, die wir mit\u00adhil\u00adfe unse\u00adrer wich\u00adtigs\u00adten Bezugspersonen ler\u00adnen, erfah\u00adren oder erf\u00fcl\u00adlen m\u00fcs\u00adsen, um unse\u00adren n\u00e4chs\u00adten Entwicklungsschritt gehen zu k\u00f6nnen.<\/p>\n<p style=\"text-align: justify;\">Wenn die Eltern, aus wel\u00adchem Grund auch immer, nicht in aus\u00adrei\u00adchen\u00addem Ma\u00df dar\u00adauf ein\u00adge\u00adhen k\u00f6n\u00adnen, ent\u00adste\u00adhen unbe\u00adwusst Angst und Stress. Teile einer Entwicklungsaufgabe wer\u00adden nicht voll\u00adst\u00e4n\u00addig abge\u00adschlos\u00adsen, blei\u00adben also offen und suchen nach wie vor Erf\u00fcllung.<\/p><div class=\"su-expand su-expand-collapsed su-expand-link-style-default\" data-height=\"0\"><div class=\"su-expand-content su-u-trim\" style=\"color:#333333;max-height:0px;overflow:hidden\"><br>\n<span style=\"font-size: 10pt\"><strong>Wichtige Entwicklungsthemen beim Aufbau von Beziehungsf\u00e4higkeit, Individualit\u00e4t und eige\u00adner Pers\u00f6nlichkeit<\/strong><\/span>\n<p style=\"text-align: left\"><span style=\"font-size: 10pt\"><strong><span style=\"color: #993300\">Alter: 0\u2009\u2013\u200918 Monate <\/span><\/strong> <strong> <span style=\"color: #993300\">Entwicklungsthema: Bindung<\/span><\/strong> Hier steht im Mittelpunkt der Aufbau einer siche\u00adren Bindung. Als ganz klei\u00adnes Kind brau\u00adchen wir eine ver\u00adl\u00e4ss\u00adli\u00adche Bezugsperson, die sowohl real als auch emo\u00adtio\u00adnal st\u00e4n\u00addig erreich\u00adbar ist und empa\u00adthisch auf die Bed\u00fcrfnisse nach Sicherheit und N\u00e4he eingeht.<\/span><\/p>\n<p style=\"text-align: left\"><span style=\"font-size: 10pt\"><strong><span style=\"color: #993300\">Alter: 18\u2009\u2013\u200936 Monate <\/span><\/strong> <strong> <span style=\"color: #993300\">Entwicklungsthema: Exploration<\/span><\/strong> Jetzt begin\u00adnen wir, unse\u00adre Umwelt zu erfor\u00adschen. Durch die Weiterentwicklung der Motorik k\u00f6n\u00adnen wir uns nun selbst\u00adst\u00e4n\u00addig bewe\u00adgen und uns selbst in der Auseinandersetzung mit unse\u00adrer nahen Umwelt bes\u00adser ken\u00adnen ler\u00adnen. Von den Eltern brau\u00adchen wir in die\u00adsem Zeitraum, dass die\u00adses \u201eErforschen\u201c m\u00f6g\u00adlich ist, gleich\u00adzei\u00adtig aber auch siche\u00adre Grenzen dabei ver\u00admit\u00adtelt werden.<\/span><\/p>\n<p style=\"text-align: left\"><span style=\"font-size: 10pt\"><strong><span style=\"color: #993300\">Alter: 3\u2009\u2013\u20094 Jahre<\/span><\/strong> <strong> <span style=\"color: #993300\">Entwicklungsthema: Identit\u00e4t<\/span><\/strong> In die\u00adsem Alter liegt der Schwerpunkt bei der Entwicklung der eige\u00adnen Identit\u00e4t, der eige\u00adnen Pers\u00f6nlichkeit. Nachdem wir in der vor\u00adher\u00adge\u00adhen\u00adden Phase unse\u00adre Umgebung erforsch\u00adten, begin\u00adnen wir nun her\u00adaus\u00adzu\u00adfin\u00adden, wer wir selbst sein k\u00f6n\u00adnen. In die\u00adser Entwicklungsphase pro\u00adbie\u00adren Kinder ver\u00adschie\u00adde\u00adne Identit\u00e4ten aus, \u00fcber das imi\u00adtie\u00adren von Tieren bis hin zu Rollenspielen und Verkleidungen. Dabei ist am wich\u00adtigs\u00adten, dass die Eltern die ver\u00adschie\u00adde\u00adnen Identit\u00e4ten wert\u00adfrei spie\u00adgeln und momen\u00adtan anzunehmen.<\/span><\/p>\n<p style=\"text-align: left\"><span style=\"font-size: 10pt\"><strong><span style=\"color: #993300\">Alter: 5\u2009\u2013\u20096 Jahre<\/span><\/strong> <strong> <span style=\"color: #993300\">Entwicklungsthema: Kompetenz<\/span><\/strong> Nachdem wir wis\u00adsen wer wir sind, ver\u00adsu\u00adchen wir nun her\u00adaus\u00adzu\u00adfin\u00adden was wir k\u00f6n\u00adnen. In die\u00adsem Abschnitt der Entwicklung pro\u00adbie\u00adren <a href=\"http:\/\/www.amazon.de\/viel-Liebe-mein-Kind-braucht\/dp\/3902625015\/ref=sr_1_4?ie=UTF8&amp;qid=1395865708&amp;sr=8-4&amp;keywords=harville+hendrix\" target=\"_blank\" rel=\"noopener noreferrer\"><img loading=\"lazy\" decoding=\"async\" class=\"alignleft\" style=\"margin-right: 10px\" src=\"https:\/\/www.brehms.eu\/imago-paartherapie\/wp-content\/uploads\/sites\/4\/2013\/10\/hh_kind.jpg\" alt=\"Imago Paartherapie - Harville Hendrix\" width=\"103\" height=\"140\"><\/a>wir unse\u00adre F\u00e4higkeiten im Spiel, in Basteln, in Bauen, im Kreieren von neu\u00aden Dingen aus. Hier brau\u00adchen wir, \u00e4hn\u00adlich wie in der zwei\u00adten Entwicklungsstufe (Exploration) ein aner\u00adken\u00adnen\u00addes und unter\u00adst\u00fct\u00adzen\u00addes, zugleich aber auch sch\u00fct\u00adzen\u00adde Grenzen set\u00adzen\u00addes Verhalten der Eltern. Wenn Eltern die Leistung wie\u00adder \u00fcber- noch unter\u00adbe\u00adwer\u00adten, son\u00addern ange\u00admes\u00adsen spie\u00adgeln, ent\u00adsteht eine rea\u00adlis\u00adti\u00adsche Einsch\u00e4tzung der eige\u00adnen F\u00e4higkeiten.<\/span><\/p>\n<p style=\"text-align: left\"><span style=\"font-size: 10pt\">Mehr dazu in dem Buch von Dr. Hendrix und sei\u00adner Frau Dr. Hunt <strong>\u201cSo viel Liebe wie dein Kind braucht\u201d<\/strong> <a title=\"Diese Buch bei Amazon\" href=\"http:\/\/www.amazon.de\/viel-Liebe-mein-Kind-braucht\/dp\/3902625015\/ref=sr_1_4?ie=UTF8&amp;qid=1395865708&amp;sr=8-4&amp;keywords=harville+hendrix\" target=\"_blank\" rel=\"noopener noreferrer\">Hier bei Amazon<\/a><\/span><\/p>\n<p><\/p><\/div><div class=\"su-expand-link su-expand-link-more\" style=\"text-align:left\"><a href=\"javascript:;\" style=\"color:#ff5800;border-color:#ff5800\"><i class=\"sui sui-align-left\" style aria-label><\/i><span style=\"border-color:#ff5800\">Hier mehr&nbsp;dazu\u2026<\/span><\/a><\/div><div class=\"su-expand-link su-expand-link-less\" style=\"text-align:left\"><a href=\"javascript:;\" style=\"color:#ff5800;border-color:#ff5800\"><span style=\"border-color:#ff5800\">Weniger anzei\u00adgen<\/span><\/a><\/div><\/div>\n<div style=\"background-color: #fff8dc; text-align: justify; padding: 5px; margin-top: 10px; border-radius: 5px; border: thin solid #ff7f50;\"><img loading=\"lazy\" decoding=\"async\" class=\"alignleft \" style=\"margin-top: 4%;\" src=\"https:\/\/www.brehms.eu\/imago-paartherapie\/wp-content\/uploads\/sites\/4\/2020\/05\/pfor.gif\" alt=\"Pfeil nach rechts\" width=\"142\" height=\"77\"><span style=\"color: #993300;\">Wenn wir uns ver\u00adlie\u00adben haben wir jeman\u00adden gefun\u00adden, von dem wir erwar\u00adten, dass er uns nun geben wird, was wir in der fr\u00fc\u00adhen Kindheit schmerz\u00adlich<span class=\"alignright\"><img loading=\"lazy\" decoding=\"async\" class style=\"margin-left: 10px; margin-right: 15px;\" src=\"https:\/\/www.brehms.eu\/imago-paartherapie\/wp-content\/uploads\/sites\/4\/2020\/05\/Imago-Paartherapie-Fingerzeig.gif\" alt=\"Imago Paartherapie\" width=\"200\" height=\"154\"><\/span> ver\u00admisst haben und immer noch ver\u00admis\u00adsen. <\/span> <span style=\"color: #993300;\">Wir ver\u00adlie\u00adben uns aller\u00addings in einen Menschen, der uns nicht geben kann, was wir brau\u00adchen (\u00e4hn\u00adlich unse\u00adren Eltern) und der selbst hofft, dass sei\u00adne uner\u00adf\u00fcll\u00adten Bed\u00fcrfnisse in der Beziehung erf\u00fcllt werden.<\/span><\/div>\n<p><\/p>\n<p><strong><span style=\"color: #993300;\">Die unbe\u00adwuss\u00adte Beziehung und der Machtkampf&nbsp;<\/span><\/strong><\/p>\n<p style=\"text-align: justify;\">Etwa ein bis zwei Jahre nach der Verliebtheitsphase, wenn die rosa\u00adro\u00adte Brille lang\u00adsam ver\u00adblasst, bef\u00fcrch\u00adten bei\u00adde Partner, wie\u00adder nicht zu bekom\u00admen, was sich jeder so sehn\u00adlichst w\u00fcnscht.<\/p>\n<p style=\"text-align: justify;\"><img loading=\"lazy\" decoding=\"async\" class=\"alignleft\" src=\"https:\/\/www.brehms.eu\/imago-paartherapie\/wp-content\/uploads\/sites\/4\/2020\/01\/machtkampf.jpg\" alt=\"Imago Paartherapie - Beziehungskonflikt\" width=\"92\" height=\"95\">Denn dann sinkt der Phenylethylaminspiegel, und bei\u00adde glau\u00adben im ande\u00adren die nega\u00adti\u00adven Anteile ihres Imagos zu erken\u00adnen. Das sind die Eigenschaften, die bef\u00fcrch\u00adten las\u00adsen, das eige\u00adne Entwicklungsbed\u00fcrfnis wie\u00adder nicht erf\u00fcllt zu bekommen.<\/p>\n<p style=\"text-align: justify;\">Jetzt beginnt die Phase des Machtkampfes. Jeder ver\u00adsucht vom ande\u00adren etwas zu bekom\u00admen, was der ande\u00adre schein\u00adbar nicht geben kann. Diese Entt\u00e4uschung f\u00fchrt dann \u00fcber kurz oder lang zur Trennung oder zum R\u00fcckzug in der Beziehung.<\/p>\n<p style=\"text-align: justify;\">Verliebtheit und Machtkampf sind Ausdruck der \u201cunbe\u00adwuss\u00adten Beziehung\u201c. Paare wis\u00adsen nicht, war\u00adum sie wirk\u00adlich zusam\u00admen\u00adkom\u00admen und wor\u00adin der tie\u00adfe\u00adre Sinn von Beziehungskonflikten ver\u00adbor\u00adgen&nbsp;liegt.<\/p>\n<p><strong><span style=\"color: #993300;\">Die bewuss\u00adte Beziehung<\/span><\/strong><\/p>\n<p>Um von einer unbe\u00adwuss\u00adten in eine bewuss\u00adte Beziehung zu kom\u00admen braucht es Klarheit in meh\u00adre\u00adren Punkten:<\/p>\n<div style=\"color: #990000; padding: 5px; border-radius: 5px; margin-bottom: 15px; border: thin solid #dda0dd;\">\n<ul style=\"margin-right: 10px; margin-left: 25px;\">\n<li>Wie setzt sich mein Imago zusam\u00admen und was ist mei\u00adne offe\u00adne Entwicklungsaufgabe? Und wie sieht das bei dir&nbsp;aus?<\/li>\n<li>Welche alte Geschichte wie\u00adder\u00adholt jeder von&nbsp;uns?<\/li>\n<li>Was brauchst du von mir, was ich dir nicht geben kann und was m\u00f6ch\u00adte ich von dir, was du mir nicht geben kannst.<\/li>\n<li>Warum ist es eigent\u00adlich so schwer dir zu geben, was du brauchst?<\/li>\n<\/ul>\n<\/div>\n<p style=\"text-align: justify;\"><span style=\"color: #993300;\"><strong>Win-Win, zwei Gewinner und kein Verlierer<\/strong><\/span><\/p>\n<p style=\"text-align: justify;\"><img loading=\"lazy\" decoding=\"async\" class=\"alignleft\" style=\"border-radius: 5px;\" src=\"https:\/\/www.brehms.eu\/imago-paartherapie\/wp-content\/uploads\/sites\/4\/2014\/03\/win_win-175x300.jpg\" alt=\"Imago Paartherapie - Verliebt\" width=\"133\" height=\"219\">Beziehungskonflikte sind ein Zeichen daf\u00fcr, dass sich Menschen in Beziehung wei\u00adter\u00adent\u00adwi\u00adckeln wol\u00adlen. Und es fin\u00adden sich immer zwei Menschen, wo einer dem andern schein\u00adbar nicht geben kann, was er braucht. Das zu ler\u00adnen ist das Besondere am gemein\u00adsa\u00admen Entwicklungsweg der Imago Paartherapie. Denn wenn bei\u00adde ler\u00adnen, zu geben was der ande\u00adre jeweils braucht, kann sich beim Geben jeder weiterentwickeln.<\/p>\n<p style=\"text-align: justify;\">Das ist nicht immer ganz ein\u00adfach, weil dabei unbe\u00adwu\u00df\u00adte und alte \u00c4ngste aus der fr\u00fc\u00adhen Kindheit akti\u00adviert werden.<\/p>\n<p style=\"text-align: justify;\">Ein Beispiel: in einer Beziehung braucht ein Partner auf\u00adgrund sei\u00adner Bindungserfahrungen mehr N\u00e4he, der ande\u00adre auf\u00adgrund sei\u00adner Explorationserfahrung mehr Distanz. Beide glau\u00adben nun, sie k\u00f6nn\u00adten dem ande\u00adren nicht geben, was er braucht, weil dadurch das eige\u00adne Bed\u00fcrfnis nicht erf\u00fcllt w\u00fcr\u00adde. <span style=\"color: #993300; width: 100%; height: 30px;\">Wenn nun doch jeder dem ande\u00adren gibt, was er braucht, bekommt jeder sein Bed\u00fcrfnis erf\u00fcllt. Und gleich\u00adzei\u00adtig lernt jeder, dass die alten \u00c4ngste sich nicht bewahr\u00adhei\u00adten, und dann<strong> gibt es zwei Gewinner und kei\u00adnen Verlierer.<\/strong><\/span><\/p>\n<p style=\"text-align: justify;\"><span style=\"color: #993300;\"><strong>Imago Paartherapie-die Praxis<\/strong><\/span><\/p>\n<p style=\"text-align: justify;\"><img loading=\"lazy\" decoding=\"async\" class=\"alignleft \" style=\"border-radius: 5px;\" src=\"https:\/\/www.brehms.eu\/imago-paartherapie\/wp-content\/uploads\/sites\/4\/2020\/01\/CT_Training.jpg\" alt=\"Imago Paartherapie - Evelin und Klaus Brehm\" width=\"204\" height=\"139\">Eines der wich\u00adtigs\u00adten Werkzeuge in die\u00adser Arbeit ist der <span style=\"color: #993300;\">\u201cImago-Dialog\u201c<\/span>. Das ist eine struk\u00adtu\u00adrier\u00adte und durch uns the\u00adra\u00adpeu\u00adtisch beglei\u00adte\u00adte Gespr\u00e4chsform die\u00adser Paartherapie..<\/p>\n<p style=\"text-align: justify;\">Dabei ler\u00adnen Paare gemein\u00adsam, die aktu\u00adel\u00adlen Beziehungskonflikte kon\u00adstruk\u00adtiv zu bear\u00adbei\u00adten. Gleichzeitig wird dabei an dem Verst\u00e4ndnis \u00fcber die tie\u00adfen\u00adpsy\u00adcho\u00adlo\u00adgi\u00adschen Hintergr\u00fcnde sowie an Ver\u00e4nderungs- und Wachstumsm\u00f6glichkeiten gearbeitet.<\/p>\n<p style=\"text-align: justify;\">Mit ver\u00adschie\u00adde\u00adnen ande\u00adren Dialogformen und Methoden wird dann die kon\u00adkre\u00adte Umsetzung der erlern\u00adten Inhalte im all\u00adt\u00e4g\u00adli\u00adchen Beziehungsleben erreicht.<\/p>\n<p style=\"text-align: justify;\"><img loading=\"lazy\" decoding=\"async\" class=\"alignright\" style=\"margin-top: -5px;\" src=\"https:\/\/www.brehms.eu\/imago-paartherapie\/wp-content\/uploads\/sites\/4\/2014\/01\/Imago-Gemeinsam-300x199.jpg\" alt=\"Imago Paartherapie - Evelin und Klaus Brehm\" width=\"122\" height=\"83\">Sowohl auf kogni\u00adti\u00adver als auch auf einer tie\u00adfen emo\u00adtio\u00adna\u00adlen Ebene ler\u00adnen bei\u00adde Partner, die eige\u00adnen unbe\u00adwuss\u00adten Entwicklungsaufgaben zu iden\u00adti\u00adfi\u00adzie\u00adren und die Auswirkungen von fr\u00fc\u00adhen Kindheitserfahrungen auf die Beziehung zu erken\u00adnen und im wei\u00adte\u00adren auch mit\u00adein\u00adan\u00adder zu ver\u00e4ndern.<\/p>\n<div style=\"background-color: #fff5ee; text-align: justify; padding: 5px; margin: 5px; border-radius: 5px; border: thin solid #ff7f50;\"><span style=\"color: #993300;\"><img loading=\"lazy\" decoding=\"async\" class=\"alignleft\" style=\"margin-top: -10px;\" src=\"https:\/\/www.brehms.eu\/imago-paartherapie\/wp-content\/uploads\/sites\/4\/2020\/05\/Rufzeichen.gif\" alt=\"Imago-Paartherapie_Rufzeichen\" width=\"87\" height=\"87\">Ziel die\u00adser Arbeit ist, dass Paare zuhau\u00adse mit Imago Methoden eigen\u00adst\u00e4n\u00addig an der Ver\u00e4nderung und Weiterentwicklung ihrer Beziehung arbei\u00adten k\u00f6n\u00adnen, und so die Verantwortung f\u00fcr ein zufrie\u00adden\u00adstel\u00adlen\u00addes und gl\u00fcck\u00adli\u00adches Zusammenleben selbst \u00fcber\u00adneh\u00admen k\u00f6nnen.<\/span><\/div>\n<\/div><\/div><\/div><\/div><\/div>","protected":false},"excerpt":{"rendered":"<p>\u201cImago Paartherapie\u201d ist eine von Dr. Har\u00adville Hen\u00addrix, sei\u00adner Frau Dr. Helen Hunt und ande\u00adren Psy\u00adcho\u00adthe\u00adra\u00adpeu\u00adten ent\u00adwi\u00adckelte spe\u00adzi\u00adelle Form der Paarthe\u00adra\u00adpie, die in den letz\u00adten 30 Jahren vie\u00adlen Paaren auf der gan\u00adzen Welt gehol\u00adfen hat, wie\u00adder gl\u00fcck\u00adlich mit\u00adein\u00adan\u00adder zu leben. <span class=\"excerpt-dots\">\u2026<\/span> <a class=\"more-link\" href=\"https:\/\/www.brehms.eu\/imago-paartherapie\/imago-paartherapie-was-ist-das\/\"><span class=\"more-msg\">Weiterlesen \u2192<\/span><\/a><\/p>\n","protected":false},"author":1,"featured_media":0,"parent":0,"menu_order":0,"comment_status":"closed","ping_status":"closed","template":"","meta":{"wp_typography_post_enhancements_disabled":false,"ngg_post_thumbnail":0,"footnotes":""},"class_list":["post-10690","page","type-page","status-publish","hentry"],"_links":{"self":[{"href":"https:\/\/www.brehms.eu\/imago-paartherapie\/wp-json\/wp\/v2\/pages\/10690","targetHints":{"allow":["GET"]}}],"collection":[{"href":"https:\/\/www.brehms.eu\/imago-paartherapie\/wp-json\/wp\/v2\/pages"}],"about":[{"href":"https:\/\/www.brehms.eu\/imago-paartherapie\/wp-json\/wp\/v2\/types\/page"}],"author":[{"embeddable":true,"href":"https:\/\/www.brehms.eu\/imago-paartherapie\/wp-json\/wp\/v2\/users\/1"}],"replies":[{"embeddable":true,"href":"https:\/\/www.brehms.eu\/imago-paartherapie\/wp-json\/wp\/v2\/comments?post=10690"}],"version-history":[{"count":11,"href":"https:\/\/www.brehms.eu\/imago-paartherapie\/wp-json\/wp\/v2\/pages\/10690\/revisions"}],"predecessor-version":[{"id":13908,"href":"https:\/\/www.brehms.eu\/imago-paartherapie\/wp-json\/wp\/v2\/pages\/10690\/revisions\/13908"}],"wp:attachment":[{"href":"https:\/\/www.brehms.eu\/imago-paartherapie\/wp-json\/wp\/v2\/media?parent=10690"}],"curies":[{"name":"wp","href":"https:\/\/api.w.org\/{rel}","templated":true}]}}